{"id":372,"date":"2024-08-02T15:00:56","date_gmt":"2024-08-02T13:00:56","guid":{"rendered":"https:\/\/projet2sens.com\/?page_id=372"},"modified":"2024-09-11T15:31:14","modified_gmt":"2024-09-11T13:31:14","slug":"la-posture-de-coach","status":"publish","type":"page","link":"https:\/\/projet2sens.com\/?page_id=372","title":{"rendered":"La posture de Coach"},"content":{"rendered":"<p>[et_pb_section fb_built=\u00a0\u00bb1&Prime; fullwidth=\u00a0\u00bbon\u00a0\u00bb _builder_version=\u00a0\u00bb4.27.0&Prime; _module_preset=\u00a0\u00bbdefault\u00a0\u00bb global_colors_info=\u00a0\u00bb{}\u00a0\u00bb][et_pb_fullwidth_header title=\u00a0\u00bbLe Coaching\u00a0\u00bb subhead=\u00a0\u00bbPosture, Pratique, Origines\u00a0\u00bb header_image_url=\u00a0\u00bbhttps:\/\/projet2sens.com\/wp-content\/uploads\/2024\/08\/e6e5f87d-4b22-4d6f-a49b-cdd4b6ffd895_out-1088&#215;688.jpg\u00a0\u00bb _builder_version=\u00a0\u00bb4.27.0&Prime; _module_preset=\u00a0\u00bbdefault\u00a0\u00bb title_font=\u00a0\u00bbPoppins||||||||\u00a0\u00bb title_text_align=\u00a0\u00bbleft\u00a0\u00bb title_font_size=\u00a0\u00bb71px\u00a0\u00bb title_letter_spacing=\u00a0\u00bb3px\u00a0\u00bb title_line_height=\u00a0\u00bb1.1em\u00a0\u00bb hover_enabled=\u00a0\u00bb0&Prime; global_colors_info=\u00a0\u00bb{}\u00a0\u00bb title_font_size_last_edited=\u00a0\u00bbon|phone\u00a0\u00bb sticky_enabled=\u00a0\u00bb0&Prime; title_font_size_tablet=\u00a0\u00bb34px\u00a0\u00bb title_font_size_phone=\u00a0\u00bb31px\u00a0\u00bb][\/et_pb_fullwidth_header][\/et_pb_section][et_pb_section fb_built=\u00a0\u00bb1&Prime; _builder_version=\u00a0\u00bb4.27.0&Prime; _module_preset=\u00a0\u00bbdefault\u00a0\u00bb global_colors_info=\u00a0\u00bb{}\u00a0\u00bb][et_pb_row column_structure=\u00a0\u00bb1_3,1_3,1_3&Prime; use_custom_gutter=\u00a0\u00bbon\u00a0\u00bb gutter_width=\u00a0\u00bb1&Prime; _builder_version=\u00a0\u00bb4.27.0&Prime; _module_preset=\u00a0\u00bbdefault\u00a0\u00bb width=\u00a0\u00bb90%\u00a0\u00bb max_width=\u00a0\u00bb90%\u00a0\u00bb global_colors_info=\u00a0\u00bb{}\u00a0\u00bb][et_pb_column type=\u00a0\u00bb1_3&Prime; _builder_version=\u00a0\u00bb4.27.0&Prime; _module_preset=\u00a0\u00bbdefault\u00a0\u00bb global_colors_info=\u00a0\u00bb{}\u00a0\u00bb][et_pb_blurb title=\u00a0\u00bbPosture\u00a0\u00bb use_icon=\u00a0\u00bbon\u00a0\u00bb font_icon=\u00a0\u00bb&#xe106;||divi||400&Prime; icon_color=\u00a0\u00bbgcid-2762fa02-31d9-46d6-82b5-a327b359a0ec\u00a0\u00bb image_icon_background_color=\u00a0\u00bbRGBA(255,255,255,0)\u00a0\u00bb icon_placement=\u00a0\u00bbleft\u00a0\u00bb image_icon_width=\u00a0\u00bb80px\u00a0\u00bb _builder_version=\u00a0\u00bb4.27.0&Prime; _module_preset=\u00a0\u00bbdefault\u00a0\u00bb header_font=\u00a0\u00bbPoppins|700|||||||\u00a0\u00bb header_text_align=\u00a0\u00bbleft\u00a0\u00bb header_text_color=\u00a0\u00bbgcid-2762fa02-31d9-46d6-82b5-a327b359a0ec\u00a0\u00bb header_font_size=\u00a0\u00bb18px\u00a0\u00bb text_orientation=\u00a0\u00bbjustified\u00a0\u00bb custom_margin=\u00a0\u00bb0px|0px|3%|0px|false|false\u00a0\u00bb custom_padding=\u00a0\u00bb|10%||10%|true|true\u00a0\u00bb locked=\u00a0\u00bboff\u00a0\u00bb global_colors_info=\u00a0\u00bb{%22gcid-2762fa02-31d9-46d6-82b5-a327b359a0ec%22:%91%22icon_color%22,%22header_text_color%22%93}\u00a0\u00bb][\/et_pb_blurb][et_pb_text _builder_version=\u00a0\u00bb4.27.0&Prime; _module_preset=\u00a0\u00bbdefault\u00a0\u00bb custom_margin=\u00a0\u00bb0px|0px|7%|0px|false|false\u00a0\u00bb custom_padding=\u00a0\u00bb|5%||5%|false|true\u00a0\u00bb locked=\u00a0\u00bboff\u00a0\u00bb global_colors_info=\u00a0\u00bb{}\u00a0\u00bb]<\/p>\n<p style=\"text-align: justify;\">La posture de coach selon l&rsquo;ICF se caract\u00e9rise par une <strong>\u00e9coute active<\/strong>, une <strong>absence de jugement<\/strong>, une <strong>pr\u00e9sence empathique<\/strong>, et un <strong>respect de l&rsquo;autonomie du client<\/strong>. Le coach cr\u00e9e un espace de confiance o\u00f9 le client peut <strong>explorer ses pens\u00e9es et \u00e9motions<\/strong>, en posant des <strong>questions puissantes<\/strong> qui stimulent la <strong>r\u00e9flexion<\/strong>.<\/p>\n<p style=\"text-align: justify;\">Comme coach je suis responsable du processus, mais comme \u00a0vous \u00eates responsable du contenu et des d\u00e9cisions. Enfin, j&rsquo;adh\u00e8re \u00e0 des normes \u00e9thiques strictes, notamment en mati\u00e8re de confidentialit\u00e9 et d&rsquo;int\u00e9grit\u00e9.<\/p>\n<p>[\/et_pb_text][\/et_pb_column][et_pb_column type=\u00a0\u00bb1_3&Prime; _builder_version=\u00a0\u00bb4.27.0&Prime; _module_preset=\u00a0\u00bbdefault\u00a0\u00bb global_colors_info=\u00a0\u00bb{}\u00a0\u00bb][et_pb_blurb title=\u00a0\u00bbPratiques\u00a0\u00bb use_icon=\u00a0\u00bbon\u00a0\u00bb font_icon=\u00a0\u00bb&#x64;||divi||400&Prime; icon_color=\u00a0\u00bbgcid-2762fa02-31d9-46d6-82b5-a327b359a0ec\u00a0\u00bb image_icon_background_color=\u00a0\u00bbRGBA(255,255,255,0)\u00a0\u00bb icon_placement=\u00a0\u00bbleft\u00a0\u00bb image_icon_width=\u00a0\u00bb80px\u00a0\u00bb _builder_version=\u00a0\u00bb4.27.0&Prime; _module_preset=\u00a0\u00bbdefault\u00a0\u00bb header_font=\u00a0\u00bbPoppins|700|||||||\u00a0\u00bb header_text_align=\u00a0\u00bbleft\u00a0\u00bb header_text_color=\u00a0\u00bbgcid-2762fa02-31d9-46d6-82b5-a327b359a0ec\u00a0\u00bb header_font_size=\u00a0\u00bb18px\u00a0\u00bb text_orientation=\u00a0\u00bbjustified\u00a0\u00bb custom_margin=\u00a0\u00bb0px|0px|3%|0px|false|false\u00a0\u00bb custom_padding=\u00a0\u00bb|10%||10%|true|true\u00a0\u00bb locked=\u00a0\u00bboff\u00a0\u00bb global_colors_info=\u00a0\u00bb{%22gcid-2762fa02-31d9-46d6-82b5-a327b359a0ec%22:%91%22icon_color%22,%22header_text_color%22%93}\u00a0\u00bb][\/et_pb_blurb][et_pb_text _builder_version=\u00a0\u00bb4.27.0&Prime; _module_preset=\u00a0\u00bbdefault\u00a0\u00bb text_font=\u00a0\u00bbPoppins||||||||\u00a0\u00bb text_line_height=\u00a0\u00bb1.5em\u00a0\u00bb custom_margin=\u00a0\u00bb0px|0px|7%|0px|false|false\u00a0\u00bb custom_padding=\u00a0\u00bb|5%||5%|false|true\u00a0\u00bb locked=\u00a0\u00bboff\u00a0\u00bb global_colors_info=\u00a0\u00bb{}\u00a0\u00bb]<\/p>\n<p>Le coaching peut \u00eatre appliqu\u00e9 dans une vari\u00e9t\u00e9 de contextes, chacun visant \u00e0 r\u00e9pondre \u00e0 des besoins sp\u00e9cifiques. Voici les principales applications du coaching :<\/p>\n<p>&nbsp;<\/p>\n<p style=\"text-align: justify;\">Coaching de vie (Life Coaching)<\/p>\n<p style=\"text-align: justify;\">Coaching professionnel (Executive Coaching)<\/p>\n<p style=\"text-align: justify;\">Coaching de carri\u00e8re (Career Coaching)<\/p>\n<p style=\"text-align: justify;\">Coaching d&rsquo;\u00e9quipe (Team Coaching)<\/p>\n<p style=\"text-align: justify;\">Coaching de performance (Performance Coaching)<\/p>\n<p style=\"text-align: justify;\">Coaching de transition (Transition Coaching)<\/p>\n<p style=\"text-align: justify;\">Coaching de sant\u00e9 et bien-\u00eatre (Health &amp; Wellness Coaching)<\/p>\n<p style=\"text-align: justify;\">Coaching scolaire et acad\u00e9mique (Academic Coaching)<\/p>\n<p style=\"text-align: justify;\">Coaching de parent (Parent Coaching)<\/p>\n<p style=\"text-align: justify;\">Coaching de diversit\u00e9 et d&rsquo;inclusion (Diversity &amp; Inclusion Coaching)<\/p>\n<p style=\"text-align: justify;\">Coaching spirituel (Spiritual Coaching)<\/p>\n<p style=\"text-align: justify;\">Coaching de couple (Relationship Coaching)<\/p>\n<p style=\"text-align: justify;\">Chaque type de coaching est adapt\u00e9 aux besoins sp\u00e9cifiques des individus ou des groupes, et peut \u00eatre appliqu\u00e9 dans divers contextes pour favoriser le d\u00e9veloppement personnel, professionnel, et organisationnel.<\/p>\n<p>[\/et_pb_text][\/et_pb_column][et_pb_column type=\u00a0\u00bb1_3&Prime; _builder_version=\u00a0\u00bb4.27.0&Prime; _module_preset=\u00a0\u00bbdefault\u00a0\u00bb global_colors_info=\u00a0\u00bb{}\u00a0\u00bb][et_pb_blurb title=\u00a0\u00bbOrigines\u00a0\u00bb use_icon=\u00a0\u00bbon\u00a0\u00bb font_icon=\u00a0\u00bb&#xf7d3;||fa||400&Prime; icon_color=\u00a0\u00bbgcid-2762fa02-31d9-46d6-82b5-a327b359a0ec\u00a0\u00bb image_icon_background_color=\u00a0\u00bbRGBA(255,255,255,0)\u00a0\u00bb icon_placement=\u00a0\u00bbleft\u00a0\u00bb image_icon_width=\u00a0\u00bb80px\u00a0\u00bb _builder_version=\u00a0\u00bb4.27.0&Prime; _module_preset=\u00a0\u00bbdefault\u00a0\u00bb header_font=\u00a0\u00bbPoppins|700|||||||\u00a0\u00bb header_text_align=\u00a0\u00bbleft\u00a0\u00bb header_text_color=\u00a0\u00bbgcid-2762fa02-31d9-46d6-82b5-a327b359a0ec\u00a0\u00bb header_font_size=\u00a0\u00bb18px\u00a0\u00bb text_orientation=\u00a0\u00bbjustified\u00a0\u00bb custom_margin=\u00a0\u00bb0px|0px|3%|0px|false|false\u00a0\u00bb custom_padding=\u00a0\u00bb|10%||10%|true|true\u00a0\u00bb locked=\u00a0\u00bboff\u00a0\u00bb global_colors_info=\u00a0\u00bb{%22gcid-2762fa02-31d9-46d6-82b5-a327b359a0ec%22:%91%22icon_color%22,%22header_text_color%22%93}\u00a0\u00bb][\/et_pb_blurb][et_pb_text _builder_version=\u00a0\u00bb4.27.0&Prime; _module_preset=\u00a0\u00bbdefault\u00a0\u00bb custom_margin=\u00a0\u00bb0px|0px|7%|0px|false|false\u00a0\u00bb custom_padding=\u00a0\u00bb|5%||5%|false|true\u00a0\u00bb locked=\u00a0\u00bboff\u00a0\u00bb global_colors_info=\u00a0\u00bb{}\u00a0\u00bb]<\/p>\n<p style=\"text-align: justify;\">Le coaching trouve ses origines dans plusieurs disciplines :<\/p>\n<p style=\"text-align: justify;\">1. **<strong>Psychologie humaniste<\/strong>** : Inspir\u00e9e par Carl Rogers et Abraham Maslow, cette approche met l&rsquo;accent sur le d\u00e9veloppement personnel et l&rsquo;auto-actualisation.<\/p>\n<p style=\"text-align: justify;\">2. **<strong>Th\u00e9rapies cognitives et comportementales<\/strong>** : Ces th\u00e9ories, centr\u00e9es sur le changement des sch\u00e9mas de pens\u00e9e, ont influenc\u00e9 le coaching en se focalisant sur l&rsquo;am\u00e9lioration du comportement et des performances.<\/p>\n<p style=\"text-align: justify;\">3. **<strong>Th\u00e9rapies br\u00e8ves<\/strong>** : L&rsquo;approche centr\u00e9e sur la solution a introduit l&rsquo;id\u00e9e de se concentrer sur les r\u00e9sultats souhait\u00e9s plut\u00f4t que sur les probl\u00e8mes.<\/p>\n<p style=\"text-align: justify;\">4. **<strong>D\u00e9veloppement du leadership<\/strong>** : Les concepts modernes de leadership ont donn\u00e9 naissance au coaching ex\u00e9cutif, ax\u00e9 sur l&rsquo;efficacit\u00e9 des dirigeants.<\/p>\n<p style=\"text-align: justify;\">5. **<strong>Sport<\/strong>** : Le coaching vient du sport, o\u00f9 il s&rsquo;agit de maximiser la performance.<\/p>\n<p style=\"text-align: justify;\">6. **<strong>\u00c9mergence du coaching professionnel<\/strong>** : Le coaching s&rsquo;est structur\u00e9 dans les ann\u00e9es 1990 avec la cr\u00e9ation de l&rsquo;ICF, qui a \u00e9tabli des normes professionnelles et \u00e9thiques.<\/p>\n<p>[\/et_pb_text][\/et_pb_column][\/et_pb_row][\/et_pb_section]<\/p>\n","protected":false},"excerpt":{"rendered":"<p>La posture de coach selon l&rsquo;ICF se caract\u00e9rise par une \u00e9coute active, une absence de jugement, une pr\u00e9sence empathique, et un respect de l&rsquo;autonomie du client. Le coach cr\u00e9e un espace de confiance o\u00f9 le client peut explorer ses pens\u00e9es et \u00e9motions, en posant des questions puissantes qui stimulent la r\u00e9flexion. Comme coach je suis [&hellip;]<\/p>\n","protected":false},"author":1,"featured_media":0,"parent":0,"menu_order":0,"comment_status":"closed","ping_status":"closed","template":"","meta":{"_et_pb_use_builder":"on","_et_pb_old_content":"","_et_gb_content_width":"","_themeisle_gutenberg_block_has_review":false,"footnotes":""},"class_list":["post-372","page","type-page","status-publish","hentry"],"_links":{"self":[{"href":"https:\/\/projet2sens.com\/index.php?rest_route=\/wp\/v2\/pages\/372","targetHints":{"allow":["GET"]}}],"collection":[{"href":"https:\/\/projet2sens.com\/index.php?rest_route=\/wp\/v2\/pages"}],"about":[{"href":"https:\/\/projet2sens.com\/index.php?rest_route=\/wp\/v2\/types\/page"}],"author":[{"embeddable":true,"href":"https:\/\/projet2sens.com\/index.php?rest_route=\/wp\/v2\/users\/1"}],"replies":[{"embeddable":true,"href":"https:\/\/projet2sens.com\/index.php?rest_route=%2Fwp%2Fv2%2Fcomments&post=372"}],"version-history":[{"count":9,"href":"https:\/\/projet2sens.com\/index.php?rest_route=\/wp\/v2\/pages\/372\/revisions"}],"predecessor-version":[{"id":1212,"href":"https:\/\/projet2sens.com\/index.php?rest_route=\/wp\/v2\/pages\/372\/revisions\/1212"}],"wp:attachment":[{"href":"https:\/\/projet2sens.com\/index.php?rest_route=%2Fwp%2Fv2%2Fmedia&parent=372"}],"curies":[{"name":"wp","href":"https:\/\/api.w.org\/{rel}","templated":true}]}}